{"id":450,"date":"2022-02-19T11:57:30","date_gmt":"2022-02-19T10:57:30","guid":{"rendered":"http:\/\/ddec72.org\/WordPress-ecole\/?page_id=450"},"modified":"2025-02-27T15:45:27","modified_gmt":"2025-02-27T14:45:27","slug":"recits-jaune-b","status":"publish","type":"page","link":"https:\/\/ddec72.org\/WordPress-ecole\/recits-jaune-b\/","title":{"rendered":"R\u00e9cit Jaune B : LE TEMPLE"},"content":{"rendered":"<p style=\"text-align: center;\"><img loading=\"lazy\" decoding=\"async\" class=\"wp-image-6188 aligncenter\" src=\"https:\/\/ddec72.org\/WordPress-ecole\/wp-content\/uploads\/2024\/11\/la-bulle-300x200.jpg\" alt=\"\" width=\"395\" height=\"263\" srcset=\"https:\/\/ddec72.org\/WordPress-ecole\/wp-content\/uploads\/2024\/11\/la-bulle-300x200.jpg 300w, https:\/\/ddec72.org\/WordPress-ecole\/wp-content\/uploads\/2024\/11\/la-bulle-624x416.jpg 624w, https:\/\/ddec72.org\/WordPress-ecole\/wp-content\/uploads\/2024\/11\/la-bulle.jpg 768w\" sizes=\"auto, (max-width: 395px) 100vw, 395px\" \/><em><span style=\"font-size: revert; text-align: center;\">La moiti\u00e9 de mon corps, comme un verre \u00e0 moiti\u00e9 vide.<\/span><\/em><\/p>\n<p class=\"has-text-color\"><span style=\"color: #ffcc00;\"><strong>Partie 1 : Situation initiale du 18 au 29 novembre 2024 &#8211; Classe de Mr Beaumesnil<\/strong><\/span><\/p>\n<p>Notre histoire commence en 1893 dans la petite ville de Patras au nord-ouest de la Gr\u00e8ce. Axel, un jeune gar\u00e7on de dix ans y voyageait avec ses parents. Il \u00e9tait tr\u00e8s heureux de ce p\u00e9riple car il adorait la mythologie. Apr\u00e8s une longue croisi\u00e8re depuis Marseille, la famille H\u00e9rathor prit un taxi jusqu\u2019\u00e0 l\u2019h\u00f4tel Olympe. Celui-ci \u00e9tait tr\u00e8s ancien. L\u2019entr\u00e9e principale \u00e9tait compos\u00e9e de six colonnes en marbre de style ionique surmont\u00e9es d\u2019un tympan d\u00e9cor\u00e9 de figures mythologiques. On pouvait notamment y reconna\u00eetre P\u00e9gase, M\u00e9duse et Cerb\u00e8re. Partout o\u00f9 Axel allait, les passants le complimentaient sur ses beaux yeux bleus et ses jolis cheveux bruns. Il \u00e9tait habill\u00e9 l\u00e9g\u00e8rement pour supporter la chaleur. Axel posait \u00e9norm\u00e9ment de questions pour en apprendre plus sur l\u2019architecture grecque. Comme tous les soirs, alors qu\u2019il \u00e9tait seul dans sa chambre, le tic-tac de la petite pendule pos\u00e9e sur la table de nuit l\u2019emp\u00eachait de s\u2019endormir. Il allait donc dans la biblioth\u00e8que de l\u2019h\u00f4tel pour lire dans le calme ce qui l\u2019aidait \u00e0 trouver le sommeil.<\/p>\n<p class=\"has-text-color\"><strong><span style=\"color: #ffcc00;\">Partie 2 : \u00c9l\u00e9ment d\u00e9clencheur du 2 au 13 d\u00e9cembre 2024 \u2013 Club ARECS<\/span><\/strong><\/p>\n<p>Ce soir, encore une fois, avec beaucoup d&rsquo;affection, sa grand-m\u00e8re l&rsquo;avait appel\u00e9 le \u00ab\u00a0petit Viking\u00a0\u00bb. Cette expression le hantait car il \u00e9tait le seul de sa famille \u00e0 \u00eatre surnomm\u00e9 le \u00ab\u00a0petit Viking ador\u00e9\u00a0\u00bb. Chaque fois qu&rsquo;il demandait \u00e0 sa grand-m\u00e8re :\u00a0\u00bbPourquoi le petit Viking\u00a0\u00bb, elle lui r\u00e9pondait :\u00a0\u00bbparce que tu as les yeux bleus de Thor, le dieu du tonnerre des Vikings, comme Zeus le fr\u00e8re et l&rsquo;\u00e9poux d&rsquo;H\u00e9ra\u00a0\u00bb. En cette nuit-l\u00e0, il prit, au hasard, un nouveau livre et l&rsquo;ouvrit sur une carte ancienne de l&rsquo;Europe de l&rsquo;Ouest qui semblait retracer le voyage d&rsquo;un drakkar parti du G\u00f6taland, longeant la c\u00f4te atlantique, p\u00e9n\u00e9trant en M\u00e9diterran\u00e9e par le d\u00e9troit de Gibraltar et s&rsquo;\u00e9chouant dans le golfe de Patras. Il en resta sid\u00e9r\u00e9 : jamais encore il n&rsquo;avait trouv\u00e9, dans cette biblioth\u00e8que, un r\u00e9cit sur les Vikings. Encore tout boulevers\u00e9 par l&rsquo;histoire invraisemblable de cet \u00e9quipage viking, il referma le livre. Jusqu&rsquo;\u00e0 ce soir-l\u00e0, il pensait que seuls Vasco de Gama et Christophe Colomb avaient parcouru les mers pour d\u00e9couvrir d&rsquo;autres contr\u00e9es. Il d\u00e9cida de v\u00e9rifier si cette arriv\u00e9e, qui le touchait tant, \u00e9tait relat\u00e9e dans d&rsquo;autres livres. C&rsquo;est alors qu&rsquo;il d\u00e9couvrit que quelques si\u00e8cles plus tard, les enfants grecs aux yeux bleus \u00e9taient encens\u00e9s comme les albinos dans certains pays. Et soudain, ses yeux bleus qui le singularisaient devenaient sa fiert\u00e9. D\u00e9sormais, le diminutif donn\u00e9 par sa grand-m\u00e8re \u00ab\u00a0petit Viking ador\u00e9\u00a0\u00bb serait son talisman. Ses possibles origines vikings le flattaient et il d\u00e9cida que Thor tiendrait une place privil\u00e9gi\u00e9e dans son arbre g\u00e9n\u00e9alogique&#8230; Cependant sa curiosit\u00e9 \u00e9tait \u00e9mouss\u00e9e, il voulait savoir s&rsquo;il ne tenait pas d&rsquo;autres conqu\u00e9rants des mers comme anc\u00eatres. Il aurait voulu lier sa chevelure noire \u00e0 d&rsquo;autres r\u00e9cits fantasmagoriques&#8230;<\/p>\n<p class=\"has-text-color\"><strong><span style=\"color: #ffcc00;\">Partie 3 : S\u00e9rie d\u2019actions du 6 au 17 janvier 2025 \u2013 Classe de Mme Rouillard<\/span><br \/><\/strong><\/p>\n<p>Axel se dirigea vers la biblioth\u00e8que pour se renseigner sur ses anc\u00eatres. Arriv\u00e9 l\u00e0-bas, il trouva un livre qui d\u00e9passait d\u2019une \u00e9tag\u00e8re. Il voulut le regarder alors il le prit, et soudain, une trappe s\u2019ouvrit sous ses pieds, il glissa dans un tunnel. Pied \u00e0 terre, il d\u00e9couvrit une boite couverte de toiles d\u2019araign\u00e9es, curieux, il l\u2019ouvrit et trouva une boule de cristal. Il la prit et d\u2019un coup, elle s\u2019illumina et dans la boule, un homme qui lui ressemblait \u00e9trangement, apparut.<\/p>\n<p>\u00ab\u00a0Qui es- tu\u00a0? demanda l\u2019homme.<\/p>\n<p>&#8211; Bonjour je m\u2019appelle Axel, dit-il d\u2019une voix tremblante. Je\u2026je\u2026je cherche des informations sur mes origines, pouvez-vous m\u2019aider ?<\/p>\n<p><span style=\"font-size: 1rem;\">&#8211; Euh\u2026Laisse-moi r\u00e9fl\u00e9chir\u2026Si tu veux trouver des r\u00e9ponses, il faut que tu me rejoignes !<\/span><\/p>\n<p><span style=\"font-size: 1rem;\">&#8211; O\u00f9 \u00e7a ? demanda Axel.<\/span><\/p>\n<p>&#8211; Dans la boule de Cristal.<\/p>\n<p>&#8211; Comment ? r\u00e9p\u00e9ta Axel<\/p>\n<p>&#8211; Laisse-moi faire \u00bb, reprit l\u2019homme.<\/p>\n<p>D\u2019un seul coup, il sortit son bras de la boule, attrapa Axel puis le tira \u00e0 l\u2019int\u00e9rieur. Une fois dedans, Axel avait chang\u00e9 de v\u00eatements, il portait maintenant un pantalon, une tunique et \u00e0 son poignet droit, un torque avec aux extr\u00e9mit\u00e9s, une t\u00eate de dragon.<\/p>\n<p>\u00ab\u00a0Mais qu\u2019est-ce qui m\u2019arrive\u00a0?! demanda Axel.<\/p>\n<p>&#8211; Bienvenue au royaume Viking d\u2019Inorek ! Je m\u2019appelle Nils, se pr\u00e9senta l\u2019homme. En regardant le bracelet d\u2019Axel, Nils parut \u00e9tonn\u00e9 et semblait avoir compris quelque chose\u2026 Rends-toi dans la vieille ar\u00e8ne abandonn\u00e9e de la for\u00eat de Patras. Prends bien soin de ton bracelet et surtout ne le perds pas, il te sera indispensable\u2026Tu as deux jours pour revenir et tu vas devoir dire cette formule pour retourner \u00e0 ton \u00e9poque sinon tu resteras ici \u00e0 jamais.\u00a0 Il lui chuchota quelque chose \u00e0 l\u2019oreille : \u00ab\u00a0<em>La moiti\u00e9 de mon corps, comme un verre \u00e0 moiti\u00e9 vide,<\/em> tu devras dire cette formule pour repasser dans ton \u00e9poque<em>.<\/em> Tu dois aller voir un vieil ami dans une maison pr\u00e8s de la for\u00eat. Je le pr\u00e9viendrai de ton arriv\u00e9e. \u00a0Il s\u2019appelle Oscar. Il est b\u00fbcheron, il coupera s\u00fbrement du bois dehors. Oscar est roux et tr\u00e8s grand et il a une barbe jusqu\u2019au cou.\u00a0\u00bb<\/p>\n<p>Nils avait disparu. Axel \u00e9tait effray\u00e9 dans ce monde inconnu. Il s\u2019inqui\u00e9ta pour sa grand-m\u00e8re, lui qui \u00e9tait pour elle son \u00ab\u00a0petit viking ador\u00e9\u00a0\u00bb. Mais malgr\u00e9 tout, il prit la route, bien d\u00e9cid\u00e9 \u00e0 trouver Oscar.<\/p>\n<p>Arriv\u00e9 chez l\u2019ami de Nils, il toqua \u00e0 la porte, une jeune fille lui ouvrit. Elle avait les yeux bleus et les cheveux noirs attach\u00e9s en tresse, elle \u00e9tait habill\u00e9e d\u2019un pantalon et d\u2019une tunique semblable \u00e0 celle d\u2019Axel. Axel se sentit rougir en la voyant.<\/p>\n<p>\u00ab\u00a0Qui es-tu\u00a0? demanda la jeune fille.<\/p>\n<p>&#8211; Il y a qui \u00e0 la porte A\u00ebl\u00a0? demanda une voix grave dans la maison qui fit sursauter Axel.<\/p>\n<p>&#8211; C\u2019est un jeune gar\u00e7on qui doit avoir 10 ans, tu sais celui dont parlait Nils quand il est venu tout \u00e0 l\u2019heure. Tu as pr\u00e9par\u00e9 la soupe \u00e0 l\u2019oignon avec les cro\u00fbtons, j\u2019esp\u00e8re\u00a0? On pourrait en donner au gar\u00e7on, il a l\u2019air affam\u00e9\u00a0!<\/p>\n<p>&#8211; Comment s\u2019appelle le gar\u00e7on\u00a0? demanda la voix.<\/p>\n<p>&#8211; Je m\u2019appelle Axel, dit le jeune gar\u00e7on.<\/p>\n<p>&#8211; Il s\u2019appelle Axel papa\u00a0! r\u00e9p\u00e9ta A\u00ebl<\/p>\n<p>&#8211; Emm\u00e8ne-le dans l\u2019ar\u00e8ne selon les indications de Nils, elle est \u00e0 quelques pas d\u2019ici.<\/p>\n<p>&#8211; Non, elle est \u00e0 quelques for\u00eats tu veux dire\u00a0! r\u00e9pondit A\u00ebl.<\/p>\n<p>&#8211; Comme tu sais si bien grimper aux arbres, emm\u00e8ne-le quand m\u00eame \u00bb, insista son p\u00e8re.<\/p>\n<p>La soupe aval\u00e9e \u00e0 toute vitesse. Ils prirent la route vers leur objectif. Quand ils arriv\u00e8rent, l\u2019ar\u00e8ne \u00e9tait vide mais pas d\u00e9truite comme se l\u2019imaginait Axel. Le sol \u00e9tait poussi\u00e9reux et l\u2019air sentait le moisi. Les enfants furent impressionn\u00e9s par cet immense endroit qui gardait des traces de sang, elles \u00e9taient les marques des combats pass\u00e9s. Une immense porte verrouill\u00e9e se dressait devant eux. Axel se demanda\u00a0: \u00ab\u00a0Peut-\u00eatre que la r\u00e9ponse est derri\u00e8re cette porte\u00a0?\u00a0\u00bb Il regarda son bracelet, et soudain il comprit\u2026<\/p>\n<p class=\"has-text-color\"><strong><span style=\"color: #ffcc00;\">Partie 4 : Le d\u00e9nouement du 20\u00a0 au 31 janvier 2025 \u2013 Classe de Mme Langlais<\/span><br \/><\/strong><\/p>\n<p class=\"western\">Il remarqua que la serrure avait une forme de t\u00eate de dragon alors il prit son torque et l\u2019y introduisit avec enthousiasme<span style=\"color: #444444;\">. <\/span>La porte s\u2019ouvrit. Mais la nuit \u00e9tait presque tomb\u00e9e et ils ne voyaient rien. Soudain un \u00e9clair de feu \u00e9claira l\u2019ar\u00e8ne. Cela venait d\u2019 un dragon albinos, avec des yeux violets, (qui peuvent \u00e9clairer la nuit). Il \u00e9tait enferm\u00e9 dans une cage. Les deux enfants s\u2019approch\u00e8rent.<\/p>\n<p class=\"western\">Axel remarqua que le dragon portait autour du cou le m\u00eame bijou que lui.<\/p>\n<p class=\"western\">L\u2019animal renifla le gar\u00e7onnet \u00e0 travers les barreaux, il resta calme. Comme la serrure de la cage avait aussi une t\u00eate de dragon, avec son torque, Axel ouvrit la cage. Docile, l\u2019animal sortit doucement. Il observa les deux enfants. A\u00ebl aper\u00e7ut alors dans la cage un livre ancien, avec une couverture de cuir et des motifs dor\u00e9s. Elle le saisit, l\u2019ouvrit et vit que de longues listes de noms y \u00e9taient inscrites. Axel s\u2019approcha d\u2019elle. Des illustrations ornaient les pages\u00a0: drakkars, casques \u00e0 corne, torques\u2026 Axel fut \u00e9tonn\u00e9 de voir son nom inscrit\u00a0: <span style=\"color: #444444;\">H\u00e9rathor<\/span> ainsi que le dessin du torque avec une t\u00eate de dragon\u00a0! Il \u00e9tait bien descendant de Viking\u00a0! En continuant de feuilleter l\u2019ouvrage, A\u00ebl trouva une carte. Axel reconnut tout de suite celle qu\u2019il avait vu dans la biblioth\u00e8que de l\u2019h\u00f4tel. Elle indiquait le chemin vers une \u00eele, appel\u00e9e Kriggel. Aussit\u00f4t, ils d\u00e9cid\u00e8rent de s\u2019y rendre. Grimpant sur le dos du dragon, ils s\u2019envol\u00e8rent et quelques heures plus tard, arriv\u00e8rent sur cette \u00eele o\u00f9 vivaient d\u2019autres dragons ainsi que des vikings. Rest\u00e9s l\u00e0 depuis des si\u00e8cles, ils avaient gard\u00e9 leurs traditions et ils \u00e9taient heureux ainsi. Au centre de Kriggel, tr\u00f4nait une sorte de temple, v\u00e9n\u00e9r\u00e9 par ce peuple. Ils y entr\u00e8rent et virent une boule de cristal. Axel sut imm\u00e9diatement ce qu\u2019il fallait faire. Mais\u00a0avant de repartir, il discuta avec A\u00ebl. Il la remercia pour son aide pr\u00e9cieuse. Mais qu\u2019allait-elle faire\u00a0maintenant? Elle rassura Axel en lui expliquant que le dragon allait la ramener chez elle. Ils se serr\u00e8rent dans les bras l\u2019un de l\u2019autre pour se dire au revoir. Puis Axel pronon\u00e7a la formule\u00a0: <em><span style=\"font-family: Open Sans, serif;\"><span style=\"font-size: small;\"><b>La moiti\u00e9 de mon corps, comme un verre \u00e0 moiti\u00e9 vide.<\/b><\/span><\/span><\/em><em><span style=\"font-family: Open Sans, serif;\"><span style=\"font-size: small;\"> La main de Nils l\u2019attira aussit\u00f4t, comme la premi\u00e8re fois, dans la boule de cristal et il se retrouva dans la biblioth\u00e8que de l\u2019h\u00f4tel. Il avait retrouv\u00e9 ses v\u00eatements. Il pensa \u00e0 sa grand-m\u00e8re en se disant qu\u2019il serait heureux maintenant lorsqu\u2019elle l\u2019appellerait \u00ab\u00a0Mon petit viking ador\u00e9\u00a0\u00bb.<\/span><\/span><\/em><\/p>\n<p class=\"has-text-color\"><span style=\"color: #ffcc00;\"><strong>Partie 5 : La situation finale du 3 au 28 f\u00e9vrier 2025 \u2013 Classe de Mme Chalmin<\/strong><\/span><\/p>\n<p>Axel \u00e9tait heureux de son voyage et de ses d\u00e9couvertes\u00a0!<\/p>\n<p>Il garda son aventure secr\u00e8te \u00e0 tout jamais. Ses souvenirs resteraient grav\u00e9s dans sa m\u00e9moire.<\/p>\n<p>Apr\u00e8s ces p\u00e9rip\u00e9ties, le jeune gar\u00e7on alla se reposer dans sa chambre.<\/p>\n<p>Le lendemain, la famille H\u00e9rathor quitta la Gr\u00e8ce.<\/p>\n<p>Sur le trajet du retour, Axel repensa \u00e0 son aventure au pays des Vikings et s\u2019aper\u00e7ut qu\u2019il portait toujours le bracelet \u00e0 son poignet.<\/p>\n<p>Sa grand-m\u00e8re s\u2019adressa \u00e0 lui\u00a0:\u00a0<\/p>\n<p>\u00ab\u00a0Ton s\u00e9jour \u00e0 Patras t\u2019a-t-il plu, mon petit viking ador\u00e9\u00a0?<\/p>\n<p>-Oui il \u00e9tait extraordinairement incroyable\u00a0!\u00a0\u00bb<\/p>\n\n\n<p><\/p>\n","protected":false},"excerpt":{"rendered":"<p>La moiti\u00e9 de mon corps, comme un verre \u00e0 moiti\u00e9 vide. Partie 1 : Situation initiale du 18 au 29 novembre 2024 &#8211; Classe de Mr Beaumesnil Notre histoire commence en 1893 dans la petite ville de Patras au nord-ouest de la Gr\u00e8ce. Axel, un jeune gar\u00e7on de dix ans y voyageait avec ses parents. [&hellip;]<\/p>\n","protected":false},"author":11,"featured_media":0,"parent":0,"menu_order":0,"comment_status":"closed","ping_status":"closed","template":"","meta":{"footnotes":""},"class_list":["post-450","page","type-page","status-publish","hentry"],"_links":{"self":[{"href":"https:\/\/ddec72.org\/WordPress-ecole\/wp-json\/wp\/v2\/pages\/450","targetHints":{"allow":["GET"]}}],"collection":[{"href":"https:\/\/ddec72.org\/WordPress-ecole\/wp-json\/wp\/v2\/pages"}],"about":[{"href":"https:\/\/ddec72.org\/WordPress-ecole\/wp-json\/wp\/v2\/types\/page"}],"author":[{"embeddable":true,"href":"https:\/\/ddec72.org\/WordPress-ecole\/wp-json\/wp\/v2\/users\/11"}],"replies":[{"embeddable":true,"href":"https:\/\/ddec72.org\/WordPress-ecole\/wp-json\/wp\/v2\/comments?post=450"}],"version-history":[{"count":156,"href":"https:\/\/ddec72.org\/WordPress-ecole\/wp-json\/wp\/v2\/pages\/450\/revisions"}],"predecessor-version":[{"id":6549,"href":"https:\/\/ddec72.org\/WordPress-ecole\/wp-json\/wp\/v2\/pages\/450\/revisions\/6549"}],"wp:attachment":[{"href":"https:\/\/ddec72.org\/WordPress-ecole\/wp-json\/wp\/v2\/media?parent=450"}],"curies":[{"name":"wp","href":"https:\/\/api.w.org\/{rel}","templated":true}]}}