{"id":1009,"date":"2015-10-12T11:36:59","date_gmt":"2015-10-12T09:36:59","guid":{"rendered":"http:\/\/ddec72.org\/WordPress-ecole\/?page_id=1009"},"modified":"2025-02-03T10:35:12","modified_gmt":"2025-02-03T09:35:12","slug":"accueil","status":"publish","type":"page","link":"https:\/\/ddec72.org\/WordPress-ecole\/","title":{"rendered":"Accueil"},"content":{"rendered":"<p>Pour cette XI\u00e8me \u00e9dition du projet d&rsquo;Ecriture Collaborative, nous avons d\u00e9cid\u00e9 de vous proposer un nouveau th\u00e8me autour de la disparition des r\u00e9cits myst\u00e9rieux de Lucien Leprince. D\u00e9couvrez l&rsquo;incroyable histoire de ces r\u00e9cits :<\/p>\n<blockquote>\n<p style=\"text-align: left;\"><strong>En 1923, Robert Donadieu, un marchand de livres anciens se porta acqu\u00e9reur d&rsquo;une vieille armoire stock\u00e9e dans la grange d\u2019un manoir normand abandonn\u00e9. Cette armoire n\u2019avait pas de charme particulier mais un large miroir fix\u00e9 sur l\u2019une de ses portes avait attir\u00e9 l\u2019\u0153il de notre collectionneur.<\/strong><br \/>\n<strong>Pendant pr\u00e8s de trois d\u00e9cennies l\u2019armoire tr\u00f4na dans le bureau de Robert, silencieuse t\u00e9moin des innombrables tr\u00e9sors litt\u00e9raires qui transitaient dans ce lieu. Mais en 1952, le destin frappa. Un soir d&rsquo;orage, un coup de vent violent traversa le bureau de Robert, arrachant le miroir de son attache et le brisant en mille morceaux sur le sol.<\/strong><br \/>\n<strong>Au milieu du verre bris\u00e9, Robert d\u00e9couvrit une enveloppe contenant 20 illustrations \u00e9tranges, accompagn\u00e9es d\u2019un titre et d\u2019une phrase, ainsi qu\u2019une lettre manuscrite. L&rsquo;auteur, Lucien Leprince, y racontait l\u2019histoire de son long travail de r\u00e9daction des r\u00e9cits qu\u2019il avait mis plusieurs ann\u00e9es \u00e0 r\u00e9diger. Malheureusement, nulle trace de ces textes dans l\u2019enveloppe. Malgr\u00e9 les recherches entreprises par Robert, les r\u00e9cits rest\u00e8rent introuvables.<\/strong><br \/>\n<strong>Robert Donadieu, hant\u00e9 par l\u2019\u00e9nigme de ce livre inachev\u00e9, consacra le reste de sa vie \u00e0 tenter de percer ses secrets. Il consulta des experts en arts, des historiens, des g\u00e9n\u00e9alogistes et m\u00eame quelques voyantes mais personne ne parvint \u00e0 retrouver de trace des r\u00e9cits ni de Lucien Leprince qui semblait n\u2019avoir jamais exist\u00e9.<\/strong><br \/>\n<strong>Le myst\u00e8re restait entier. Alors, quelques semaines avant sa mort, Robert Donadieu d\u00e9cida de publier les 20 illustrations. Il nourrissait deux espoirs : que quelqu\u2019un retrouve les textes disparus ou qu\u2019un \u00e9crivain s\u2019empare des images et r\u00e9dige une histoire pour chacune d\u2019elles.<\/strong><br \/>\n<strong>C\u2019est \u00e0 vous, jeunes \u00e9crivains que revient aujourd\u2019hui le grand privil\u00e8ge de vous glisser dans le costume de Lucien Leprince et d\u2019exaucer le r\u00eave de Robert Donadieu : raconter l\u2019histoire d\u2019une de ces \u00e9tranges illustrations.<\/strong><\/p>\n<\/blockquote>\n<p style=\"text-align: left;\">Retrouvez <a href=\"https:\/\/ddec72.org\/WordPress-ecole\/wp-content\/uploads\/2024\/09\/Les-recits-disparus-de-Lucien-Leprince-1.pdf\" target=\"_blank\" rel=\"noopener\">ici<\/a> le texte ci-dessus \u00e0 pr\u00e9senter \u00e0 vos \u00e9l\u00e8ves.<\/p>\n<p><a href=\"https:\/\/ddec72.org\/WordPress-ecole\/wp-content\/uploads\/2024\/09\/Les-recits-disparus-de-Lucien-Leprince.pdf\"><img loading=\"lazy\" decoding=\"async\" class=\"wp-image-6064 size-large aligncenter\" src=\"https:\/\/ddec72.org\/WordPress-ecole\/wp-content\/uploads\/2024\/09\/Affiche-Ecriture-collaborative-2024-2025-1-724x1024.jpg\" alt=\"\" width=\"625\" height=\"884\" srcset=\"https:\/\/ddec72.org\/WordPress-ecole\/wp-content\/uploads\/2024\/09\/Affiche-Ecriture-collaborative-2024-2025-1-724x1024.jpg 724w, https:\/\/ddec72.org\/WordPress-ecole\/wp-content\/uploads\/2024\/09\/Affiche-Ecriture-collaborative-2024-2025-1-212x300.jpg 212w, https:\/\/ddec72.org\/WordPress-ecole\/wp-content\/uploads\/2024\/09\/Affiche-Ecriture-collaborative-2024-2025-1-768x1086.jpg 768w, https:\/\/ddec72.org\/WordPress-ecole\/wp-content\/uploads\/2024\/09\/Affiche-Ecriture-collaborative-2024-2025-1-1086x1536.jpg 1086w, https:\/\/ddec72.org\/WordPress-ecole\/wp-content\/uploads\/2024\/09\/Affiche-Ecriture-collaborative-2024-2025-1-1448x2048.jpg 1448w, https:\/\/ddec72.org\/WordPress-ecole\/wp-content\/uploads\/2024\/09\/Affiche-Ecriture-collaborative-2024-2025-1-624x883.jpg 624w, https:\/\/ddec72.org\/WordPress-ecole\/wp-content\/uploads\/2024\/09\/Affiche-Ecriture-collaborative-2024-2025-1-scaled.jpg 1810w\" sizes=\"auto, (max-width: 625px) 100vw, 625px\" \/><\/a><\/p>\n<p>Ce projet d&rsquo;\u00e9criture collaborative est conduit conjointement par les DDEC de Sarthe, Mayenne et Maine et Loire. Il est inspir\u00e9 du projet national initi\u00e9 par <a href=\"http:\/\/47crtuic.over-blog.com\/2015\/04\/nos-contes-2015-2016-projet-collaboratif-national.html\" target=\"_blank\" rel=\"noopener noreferrer\">Jean-Philippe Barthe<\/a> qui travaillait \u00e0 la DDEC 47.<\/p>\n<p>Pour comprendre le projet d&rsquo;Ecriture Collaborative, regardez cette vid\u00e9o :<\/p>\n<div style=\"width: 625px;\" class=\"wp-video\"><!--[if lt IE 9]><script>document.createElement('video');<\/script><![endif]-->\n<video class=\"wp-video-shortcode\" id=\"video-1009-1\" width=\"625\" height=\"351\" preload=\"metadata\" controls=\"controls\"><source type=\"video\/mp4\" src=\"http:\/\/ddec72.org\/WordPress-ecole\/wp-content\/uploads\/2018\/07\/ecriturecollaborative.mp4?_=1\" \/><a href=\"http:\/\/ddec72.org\/WordPress-ecole\/wp-content\/uploads\/2018\/07\/ecriturecollaborative.mp4\">http:\/\/ddec72.org\/WordPress-ecole\/wp-content\/uploads\/2018\/07\/ecriturecollaborative.mp4<\/a><\/video><\/div>\n<p>Dans la rubrique Archives, vous trouverez les livres r\u00e9dig\u00e9s par les \u00e9l\u00e8ves lors des projets des derni\u00e8res ann\u00e9es.<\/p>\n<div style=\"text-align: center;\">\n<p style=\"text-align: center;\">Vous pouvez nous contacter \u00e0 tout moment \u00e0 l&rsquo;adresse suivante :<\/p>\n<p style=\"text-align: center;\"><strong><a href=\"mailto:ecriture.collaborative@ecr-uradel.org\" target=\"_blank\" rel=\"noopener\">ecriture.collaborative@ecr-<wbr \/>uradel.org<\/a><\/strong><\/p>\n\n<table id=\"tablepress-5\" class=\"tablepress tablepress-id-5\">\n<tbody class=\"row-striping row-hover\">\n<tr class=\"row-1\">\n\t<td class=\"column-1\"><div style=\"text-align:center\"><a href=\"http:\/\/ddec72.org\/WordPress-ecole\/wp-content\/uploads\/2014\/09\/LOGO_DDEC49-PETIT1.png\"><img loading=\"lazy\" decoding=\"async\" src=\"http:\/\/ddec72.org\/WordPress-ecole\/wp-content\/uploads\/2014\/09\/LOGO_DDEC49-PETIT1.png\" alt=\"\" width=\"180\" height=\"117\" class=\"aligncenter size-full wp-image-385\" \/><\/a><\/td><td class=\"column-2\"><div style=\"text-align:center\"><a href=\"http:\/\/ddec72.org\/WordPress-ecole\/wp-content\/uploads\/2014\/09\/LOGO_DDEC72-small1.jpg\"><img loading=\"lazy\" decoding=\"async\" src=\"http:\/\/ddec72.org\/WordPress-ecole\/wp-content\/uploads\/2014\/09\/LOGO_DDEC72-small1.jpg\" alt=\"\" width=\"180\" height=\"119\" class=\"aligncenter size-full wp-image-386\" \/><\/a><\/td><td class=\"column-3\"><div style=\"text-align:center\"><a href=\"https:\/\/ddec72.org\/WordPress-ecole\/wp-content\/uploads\/2023\/10\/LOGO_DDEC53_500px.jpg\"><img loading=\"lazy\" decoding=\"async\" src=\"https:\/\/ddec72.org\/WordPress-ecole\/wp-content\/uploads\/2023\/10\/LOGO_DDEC53_500px-300x202.jpg\" alt=\"\" width=\"180\" height=\"119\" class=\"alignnone size-medium wp-image-5189\" \/><\/a><\/td>\n<\/tr>\n<tr class=\"row-2\">\n\t<td class=\"column-1\"><div style=\"text-align:center\">Xavier Richard<\/td><td class=\"column-2\"><div style=\"text-align:center\">Olivier Hareau<\/td><td class=\"column-3\"><div style=\"text-align:center\">Laurent Rouger<\/td>\n<\/tr>\n<\/tbody>\n<\/table>\n<!-- #tablepress-5 from cache -->\n<\/div>\n","protected":false},"excerpt":{"rendered":"<p>Pour cette XI\u00e8me \u00e9dition du projet d&rsquo;Ecriture Collaborative, nous avons d\u00e9cid\u00e9 de vous proposer un nouveau th\u00e8me autour de la disparition des r\u00e9cits myst\u00e9rieux de Lucien Leprince. D\u00e9couvrez l&rsquo;incroyable histoire de ces r\u00e9cits : En 1923, Robert Donadieu, un marchand de livres anciens se porta acqu\u00e9reur d&rsquo;une vieille armoire stock\u00e9e dans la grange d\u2019un manoir [&hellip;]<\/p>\n","protected":false},"author":1,"featured_media":0,"parent":0,"menu_order":0,"comment_status":"closed","ping_status":"open","template":"","meta":{"footnotes":""},"class_list":["post-1009","page","type-page","status-publish","hentry"],"_links":{"self":[{"href":"https:\/\/ddec72.org\/WordPress-ecole\/wp-json\/wp\/v2\/pages\/1009","targetHints":{"allow":["GET"]}}],"collection":[{"href":"https:\/\/ddec72.org\/WordPress-ecole\/wp-json\/wp\/v2\/pages"}],"about":[{"href":"https:\/\/ddec72.org\/WordPress-ecole\/wp-json\/wp\/v2\/types\/page"}],"author":[{"embeddable":true,"href":"https:\/\/ddec72.org\/WordPress-ecole\/wp-json\/wp\/v2\/users\/1"}],"replies":[{"embeddable":true,"href":"https:\/\/ddec72.org\/WordPress-ecole\/wp-json\/wp\/v2\/comments?post=1009"}],"version-history":[{"count":92,"href":"https:\/\/ddec72.org\/WordPress-ecole\/wp-json\/wp\/v2\/pages\/1009\/revisions"}],"predecessor-version":[{"id":6522,"href":"https:\/\/ddec72.org\/WordPress-ecole\/wp-json\/wp\/v2\/pages\/1009\/revisions\/6522"}],"wp:attachment":[{"href":"https:\/\/ddec72.org\/WordPress-ecole\/wp-json\/wp\/v2\/media?parent=1009"}],"curies":[{"name":"wp","href":"https:\/\/api.w.org\/{rel}","templated":true}]}}